{"id":100,"date":"2018-06-15T13:03:02","date_gmt":"2018-06-15T13:03:02","guid":{"rendered":"http:\/\/ovaloffice01.cblue.be\/www.leplaza.events\/www\/?page_id=100"},"modified":"2019-01-09T16:23:48","modified_gmt":"2019-01-09T16:23:48","slug":"for-parties","status":"publish","type":"page","link":"https:\/\/www.leplaza.events\/fr\/for-parties\/","title":{"rendered":"Vos r\u00e9ceptions, diners de Gala, soir\u00e9es \u00e0 th\u00e8me, mariages"},"content":{"rendered":"<p>D\u00eener de gala, r\u00e9ception de fin d\u2019ann\u00e9e, mariage, f\u00eate du personnel \u00e0 Bruxelles ? L\u2019h\u00f4tel Le Plaza Brussels est le partenaire de vos moments d\u2019exception !<\/p>\n<h2>Conviez l\u2019histoire \u00e0 la f\u00eate<\/h2>\n<p>Notre th\u00e9\u00e2tre, enti\u00e8rement r\u00e9nov\u00e9, est un espace class\u00e9 pour sa valeur historique et artistique. Dot\u00e9 de 700 places en auditoire et jusqu\u2019\u00e0 400 places \u00e0 table, il se pr\u00eate parfaitement \u00e0 l\u2019organisation de vos soir\u00e9es de gala, d\u00eeners, c\u00e9r\u00e9monies, spectacles\u2026 dans une ambiance prestigieuse et raffin\u00e9e.<\/p>\n<h2>Une carte \u00e0 la hauteur de vos convives<\/h2>\n<p>Notre chef Olivier Bontemps et son \u00e9quipe peaufinent la pr\u00e9paration de votre banquet ou de votre cocktail d\u00eenatoire, avec une carte inventive et respectueuse des meilleurs produits.<br \/>\nLeur savoir-faire est la garantie d\u2019une cuisine de qualit\u00e9, accompagn\u00e9e d\u2019une touche festive, d\u2019une pr\u00e9sentation sur mesure et d\u2019un service sans faille.<\/p>\n<h2>Une \u00e9quipe professionnelle<\/h2>\n<p>Notre \u00e9quipe est \u00e0 votre \u00e9coute et vous accompagne dans la pr\u00e9paration et l\u2019organisation de votre r\u00e9ception. Selon vos besoins, elle prend en charge la d\u00e9coration et l\u2019am\u00e9nagement des espaces, les animations musicales, la conception de soir\u00e9es \u00e0 th\u00e8mes, etc. En collaboration<br \/>\navec les meilleurs professionnels, elle met plus de 25 ans d\u2019exp\u00e9rience au service de la f\u00eate et vous garantit des souvenirs inoubliables.<\/p>\n","protected":false},"excerpt":{"rendered":"D\u00eener de gala, r\u00e9ception de fin d\u2019ann\u00e9e, mariage, f\u00eate du personnel \u00e0 Bruxelles ? L\u2019h\u00f4tel Le Plaza Brussels est le partenaire de vos moments d\u2019exception ! Conviez l\u2019histoire \u00e0 la f\u00eate Notre th\u00e9\u00e2tre, enti\u00e8rement r\u00e9nov\u00e9, est un espace class\u00e9 pour sa valeur historique et artistique. Dot\u00e9 de 700 places en auditoire et jusqu\u2019\u00e0 400 places&#8230;","protected":false},"author":1,"featured_media":1019,"parent":0,"menu_order":0,"comment_status":"closed","ping_status":"closed","template":"tpl-categories.php","meta":{"_acf_changed":false,"_monsterinsights_skip_tracking":false,"_monsterinsights_sitenote_active":false,"_monsterinsights_sitenote_note":"","_monsterinsights_sitenote_category":0,"footnotes":""},"acf":[],"yoast_head":"<!-- This site is optimized with the Yoast SEO plugin v23.0 - https:\/\/yoast.com\/wordpress\/plugins\/seo\/ -->\n<title>Vos r\u00e9ceptions, diners de Gala, soir\u00e9es \u00e0 th\u00e8me, mariages &#8226; Le Plaza Brussels Events<\/title>\n<meta name=\"robots\" content=\"index, follow, max-snippet:-1, max-image-preview:large, max-video-preview:-1\" \/>\n<link rel=\"canonical\" href=\"https:\/\/www.leplaza.events\/fr\/for-parties\/\" \/>\n<meta property=\"og:locale\" content=\"fr_FR\" \/>\n<meta property=\"og:type\" content=\"article\" \/>\n<meta property=\"og:title\" content=\"Vos r\u00e9ceptions, diners de Gala, soir\u00e9es \u00e0 th\u00e8me, mariages &#8226; Le Plaza Brussels Events\" \/>\n<meta property=\"og:description\" content=\"D\u00eener de gala, r\u00e9ception de fin d\u2019ann\u00e9e, mariage, f\u00eate du personnel \u00e0 Bruxelles ? L\u2019h\u00f4tel Le Plaza Brussels est le partenaire de vos moments d\u2019exception ! Conviez l\u2019histoire \u00e0 la f\u00eate Notre th\u00e9\u00e2tre, enti\u00e8rement r\u00e9nov\u00e9, est un espace class\u00e9 pour sa valeur historique et artistique. Dot\u00e9 de 700 places en auditoire et jusqu\u2019\u00e0 400 places...\" \/>\n<meta property=\"og:url\" content=\"https:\/\/www.leplaza.events\/fr\/for-parties\/\" \/>\n<meta property=\"og:site_name\" content=\"Le Plaza Brussels Events\" \/>\n<meta property=\"article:modified_time\" content=\"2019-01-09T16:23:48+00:00\" \/>\n<meta property=\"og:image\" content=\"https:\/\/www.leplaza.events\/wp-content\/uploads\/2018\/11\/Ambiance-100-1-1-e1547050975992.jpg\" \/>\n\t<meta property=\"og:image:width\" content=\"2127\" \/>\n\t<meta property=\"og:image:height\" content=\"563\" \/>\n\t<meta property=\"og:image:type\" content=\"image\/jpeg\" \/>\n<meta name=\"twitter:card\" content=\"summary_large_image\" \/>\n<meta name=\"twitter:label1\" content=\"Est. reading time\" \/>\n\t<meta name=\"twitter:data1\" content=\"1 minute\" \/>\n<script type=\"application\/ld+json\" class=\"yoast-schema-graph\">{\"@context\":\"https:\/\/schema.org\",\"@graph\":[{\"@type\":\"WebPage\",\"@id\":\"https:\/\/www.leplaza.events\/fr\/for-parties\/\",\"url\":\"https:\/\/www.leplaza.events\/fr\/for-parties\/\",\"name\":\"Vos r\u00e9ceptions, diners de Gala, soir\u00e9es \u00e0 th\u00e8me, mariages &#8226; Le Plaza Brussels Events\",\"isPartOf\":{\"@id\":\"https:\/\/www.leplaza.events\/#website\"},\"primaryImageOfPage\":{\"@id\":\"https:\/\/www.leplaza.events\/fr\/for-parties\/#primaryimage\"},\"image\":{\"@id\":\"https:\/\/www.leplaza.events\/fr\/for-parties\/#primaryimage\"},\"thumbnailUrl\":\"https:\/\/www.leplaza.events\/wp-content\/uploads\/2018\/11\/Ambiance-100-1-1-e1547050975992.jpg\",\"datePublished\":\"2018-06-15T13:03:02+00:00\",\"dateModified\":\"2019-01-09T16:23:48+00:00\",\"breadcrumb\":{\"@id\":\"https:\/\/www.leplaza.events\/fr\/for-parties\/#breadcrumb\"},\"inLanguage\":\"fr-FR\",\"potentialAction\":[{\"@type\":\"ReadAction\",\"target\":[\"https:\/\/www.leplaza.events\/fr\/for-parties\/\"]}]},{\"@type\":\"ImageObject\",\"inLanguage\":\"fr-FR\",\"@id\":\"https:\/\/www.leplaza.events\/fr\/for-parties\/#primaryimage\",\"url\":\"https:\/\/www.leplaza.events\/wp-content\/uploads\/2018\/11\/Ambiance-100-1-1-e1547050975992.jpg\",\"contentUrl\":\"https:\/\/www.leplaza.events\/wp-content\/uploads\/2018\/11\/Ambiance-100-1-1-e1547050975992.jpg\",\"width\":2127,\"height\":563},{\"@type\":\"BreadcrumbList\",\"@id\":\"https:\/\/www.leplaza.events\/fr\/for-parties\/#breadcrumb\",\"itemListElement\":[{\"@type\":\"ListItem\",\"position\":1,\"name\":\"Home\",\"item\":\"https:\/\/www.leplaza.events\/fr\/\"},{\"@type\":\"ListItem\",\"position\":2,\"name\":\"Vos r\u00e9ceptions, diners de Gala, soir\u00e9es \u00e0 th\u00e8me, mariages\"}]},{\"@type\":\"WebSite\",\"@id\":\"https:\/\/www.leplaza.events\/#website\",\"url\":\"https:\/\/www.leplaza.events\/\",\"name\":\"Le Plaza Brussels Events\",\"description\":\"\",\"potentialAction\":[{\"@type\":\"SearchAction\",\"target\":{\"@type\":\"EntryPoint\",\"urlTemplate\":\"https:\/\/www.leplaza.events\/?s={search_term_string}\"},\"query-input\":\"required name=search_term_string\"}],\"inLanguage\":\"fr-FR\"}]}<\/script>\n<!-- \/ Yoast SEO plugin. -->","yoast_head_json":{"title":"Vos r\u00e9ceptions, diners de Gala, soir\u00e9es \u00e0 th\u00e8me, mariages &#8226; Le Plaza Brussels Events","robots":{"index":"index","follow":"follow","max-snippet":"max-snippet:-1","max-image-preview":"max-image-preview:large","max-video-preview":"max-video-preview:-1"},"canonical":"https:\/\/www.leplaza.events\/fr\/for-parties\/","og_locale":"fr_FR","og_type":"article","og_title":"Vos r\u00e9ceptions, diners de Gala, soir\u00e9es \u00e0 th\u00e8me, mariages &#8226; Le Plaza Brussels Events","og_description":"D\u00eener de gala, r\u00e9ception de fin d\u2019ann\u00e9e, mariage, f\u00eate du personnel \u00e0 Bruxelles ? L\u2019h\u00f4tel Le Plaza Brussels est le partenaire de vos moments d\u2019exception ! Conviez l\u2019histoire \u00e0 la f\u00eate Notre th\u00e9\u00e2tre, enti\u00e8rement r\u00e9nov\u00e9, est un espace class\u00e9 pour sa valeur historique et artistique. Dot\u00e9 de 700 places en auditoire et jusqu\u2019\u00e0 400 places...","og_url":"https:\/\/www.leplaza.events\/fr\/for-parties\/","og_site_name":"Le Plaza Brussels Events","article_modified_time":"2019-01-09T16:23:48+00:00","og_image":[{"width":2127,"height":563,"url":"https:\/\/www.leplaza.events\/wp-content\/uploads\/2018\/11\/Ambiance-100-1-1-e1547050975992.jpg","type":"image\/jpeg"}],"twitter_card":"summary_large_image","twitter_misc":{"Est. reading time":"1 minute"},"schema":{"@context":"https:\/\/schema.org","@graph":[{"@type":"WebPage","@id":"https:\/\/www.leplaza.events\/fr\/for-parties\/","url":"https:\/\/www.leplaza.events\/fr\/for-parties\/","name":"Vos r\u00e9ceptions, diners de Gala, soir\u00e9es \u00e0 th\u00e8me, mariages &#8226; Le Plaza Brussels Events","isPartOf":{"@id":"https:\/\/www.leplaza.events\/#website"},"primaryImageOfPage":{"@id":"https:\/\/www.leplaza.events\/fr\/for-parties\/#primaryimage"},"image":{"@id":"https:\/\/www.leplaza.events\/fr\/for-parties\/#primaryimage"},"thumbnailUrl":"https:\/\/www.leplaza.events\/wp-content\/uploads\/2018\/11\/Ambiance-100-1-1-e1547050975992.jpg","datePublished":"2018-06-15T13:03:02+00:00","dateModified":"2019-01-09T16:23:48+00:00","breadcrumb":{"@id":"https:\/\/www.leplaza.events\/fr\/for-parties\/#breadcrumb"},"inLanguage":"fr-FR","potentialAction":[{"@type":"ReadAction","target":["https:\/\/www.leplaza.events\/fr\/for-parties\/"]}]},{"@type":"ImageObject","inLanguage":"fr-FR","@id":"https:\/\/www.leplaza.events\/fr\/for-parties\/#primaryimage","url":"https:\/\/www.leplaza.events\/wp-content\/uploads\/2018\/11\/Ambiance-100-1-1-e1547050975992.jpg","contentUrl":"https:\/\/www.leplaza.events\/wp-content\/uploads\/2018\/11\/Ambiance-100-1-1-e1547050975992.jpg","width":2127,"height":563},{"@type":"BreadcrumbList","@id":"https:\/\/www.leplaza.events\/fr\/for-parties\/#breadcrumb","itemListElement":[{"@type":"ListItem","position":1,"name":"Home","item":"https:\/\/www.leplaza.events\/fr\/"},{"@type":"ListItem","position":2,"name":"Vos r\u00e9ceptions, diners de Gala, soir\u00e9es \u00e0 th\u00e8me, mariages"}]},{"@type":"WebSite","@id":"https:\/\/www.leplaza.events\/#website","url":"https:\/\/www.leplaza.events\/","name":"Le Plaza Brussels Events","description":"","potentialAction":[{"@type":"SearchAction","target":{"@type":"EntryPoint","urlTemplate":"https:\/\/www.leplaza.events\/?s={search_term_string}"},"query-input":"required name=search_term_string"}],"inLanguage":"fr-FR"}]}},"_links":{"self":[{"href":"https:\/\/www.leplaza.events\/fr\/wp-json\/wp\/v2\/pages\/100"}],"collection":[{"href":"https:\/\/www.leplaza.events\/fr\/wp-json\/wp\/v2\/pages"}],"about":[{"href":"https:\/\/www.leplaza.events\/fr\/wp-json\/wp\/v2\/types\/page"}],"author":[{"embeddable":true,"href":"https:\/\/www.leplaza.events\/fr\/wp-json\/wp\/v2\/users\/1"}],"replies":[{"embeddable":true,"href":"https:\/\/www.leplaza.events\/fr\/wp-json\/wp\/v2\/comments?post=100"}],"version-history":[{"count":15,"href":"https:\/\/www.leplaza.events\/fr\/wp-json\/wp\/v2\/pages\/100\/revisions"}],"predecessor-version":[{"id":1764,"href":"https:\/\/www.leplaza.events\/fr\/wp-json\/wp\/v2\/pages\/100\/revisions\/1764"}],"wp:featuredmedia":[{"embeddable":true,"href":"https:\/\/www.leplaza.events\/fr\/wp-json\/wp\/v2\/media\/1019"}],"wp:attachment":[{"href":"https:\/\/www.leplaza.events\/fr\/wp-json\/wp\/v2\/media?parent=100"}],"curies":[{"name":"wp","href":"https:\/\/api.w.org\/{rel}","templated":true}]}}