{"id":102,"date":"2018-06-15T13:03:08","date_gmt":"2018-06-15T13:03:08","guid":{"rendered":"http:\/\/ovaloffice01.cblue.be\/www.leplaza.events\/www\/?page_id=102"},"modified":"2018-11-23T12:32:47","modified_gmt":"2018-11-23T12:32:47","slug":"for-business","status":"publish","type":"page","link":"https:\/\/www.leplaza.events\/fr\/for-business\/","title":{"rendered":"Vos congr\u00e8s, conf\u00e9rences, forums"},"content":{"rendered":"<p>Vous organisez un congr\u00e8s, un colloque, un symposium, une convention \u00e0 Bruxelles ? L\u2019h\u00f4tel Le Plaza Brussels vous propose un r\u00e9el centre de congr\u00e8s, dans un cadre historique au c\u0153ur de la capitale de l\u2019Europe.<\/p>\n<p>Alliant \u00e9quipement de pointe et charme Belle-Epoque, notre th\u00e9\u00e2tre de 460 m\u00b2 vous permet d\u2019accueillir 700 personnes, dans un espace class\u00e9 pour sa valeur historique. Par ailleurs, nos 10 salons sont enti\u00e8rement modulables et offrent une capacit\u00e9 totale de 770 personnes sur 796 m\u00b2. Quel que soit votre secteur d\u2019activit\u00e9s (pharmaceutique, finance, commerce, tourisme, culture\u2026), ces espaces s\u2019adaptent \u00e0 vos besoins et aux attentes de vos invit\u00e9s.<\/p>\n<h2>Service et technologie de pointe<\/h2>\n<p>De la conception du projet \u00e0 l\u2019h\u00e9bergement de vos convives, en passant par l\u2019am\u00e9nagement des salles, l\u2019\u00e9quipement technique, la s\u00e9curit\u00e9 ou la restauration, l\u2019\u00e9quipe de l\u2019h\u00f4tel Le Plaza Brussels est l\u00e0 pour vous accompagner dans l\u2019organisation de votre congr\u00e8s.<br \/>\nNos coordinateurs de conf\u00e9rences vous guident \u00e0 toutes les \u00e9tapes de votre projet, jusqu\u2019\u00e0 sa concr\u00e9tisation. Exp\u00e9riment\u00e9es, nos \u00e9quipes op\u00e9rationnelles anticipent vos demandes.<\/p>\n<h2>Une carte raffin\u00e9e<\/h2>\n<p>Notre chef Olivier Bontemps vous concocte un menu cr\u00e9atif et de qualit\u00e9. Il est \u00e0 votre \u00e9coute pour vous proposer la formule qui convient le mieux \u00e0 votre projet : buffet, cocktail d\u00eenatoire, d\u00e9jeuner servi \u00e0 table, etc.<\/p>\n<h2>Bruxelles, capitale de congr\u00e8s et d\u2019\u00e9v\u00e9nements internationaux<\/h2>\n<p>Accessible et cosmopolite, Bruxelles est le si\u00e8ge de nombreuses entreprises et organisations internationales. R\u00e9solument tourn\u00e9e vers l\u2019avenir, la recherche et le d\u00e9veloppement \u00e9conomique, elle est aussi une capitale \u00e0 taille humaine, riche en sites culturels et espaces verts. L\u2019endroit par excellence pour vos r\u00e9unions, congr\u00e8s et \u00e9v\u00e9nements de standing !<\/p>\n","protected":false},"excerpt":{"rendered":"Vous organisez un congr\u00e8s, un colloque, un symposium, une convention \u00e0 Bruxelles ? L\u2019h\u00f4tel Le Plaza Brussels vous propose un r\u00e9el centre de congr\u00e8s, dans un cadre historique au c\u0153ur de la capitale de l\u2019Europe. Alliant \u00e9quipement de pointe et charme Belle-Epoque, notre th\u00e9\u00e2tre de 460 m\u00b2 vous permet d\u2019accueillir 700 personnes, dans un espace&#8230;","protected":false},"author":1,"featured_media":1053,"parent":0,"menu_order":0,"comment_status":"closed","ping_status":"closed","template":"tpl-categories-congresses.php","meta":{"_acf_changed":false,"_monsterinsights_skip_tracking":false,"_monsterinsights_sitenote_active":false,"_monsterinsights_sitenote_note":"","_monsterinsights_sitenote_category":0,"footnotes":""},"acf":[],"yoast_head":"<!-- This site is optimized with the Yoast SEO plugin v23.0 - https:\/\/yoast.com\/wordpress\/plugins\/seo\/ -->\n<title>Vos congr\u00e8s, conf\u00e9rences, forums &#8226; Le Plaza Brussels Events<\/title>\n<meta name=\"robots\" content=\"index, follow, max-snippet:-1, max-image-preview:large, max-video-preview:-1\" \/>\n<link rel=\"canonical\" href=\"https:\/\/www.leplaza.events\/fr\/for-business\/\" \/>\n<meta property=\"og:locale\" content=\"fr_FR\" \/>\n<meta property=\"og:type\" content=\"article\" \/>\n<meta property=\"og:title\" content=\"Vos congr\u00e8s, conf\u00e9rences, forums &#8226; Le Plaza Brussels Events\" \/>\n<meta property=\"og:description\" content=\"Vous organisez un congr\u00e8s, un colloque, un symposium, une convention \u00e0 Bruxelles ? L\u2019h\u00f4tel Le Plaza Brussels vous propose un r\u00e9el centre de congr\u00e8s, dans un cadre historique au c\u0153ur de la capitale de l\u2019Europe. Alliant \u00e9quipement de pointe et charme Belle-Epoque, notre th\u00e9\u00e2tre de 460 m\u00b2 vous permet d\u2019accueillir 700 personnes, dans un espace...\" \/>\n<meta property=\"og:url\" content=\"https:\/\/www.leplaza.events\/fr\/for-business\/\" \/>\n<meta property=\"og:site_name\" content=\"Le Plaza Brussels Events\" \/>\n<meta property=\"article:modified_time\" content=\"2018-11-23T12:32:47+00:00\" \/>\n<meta property=\"og:image\" content=\"https:\/\/www.leplaza.events\/wp-content\/uploads\/2018\/11\/002W7866-1.jpg\" \/>\n\t<meta property=\"og:image:width\" content=\"3624\" \/>\n\t<meta property=\"og:image:height\" content=\"1637\" \/>\n\t<meta property=\"og:image:type\" content=\"image\/jpeg\" \/>\n<meta name=\"twitter:card\" content=\"summary_large_image\" \/>\n<meta name=\"twitter:label1\" content=\"Est. reading time\" \/>\n\t<meta name=\"twitter:data1\" content=\"1 minute\" \/>\n<script type=\"application\/ld+json\" class=\"yoast-schema-graph\">{\"@context\":\"https:\/\/schema.org\",\"@graph\":[{\"@type\":\"WebPage\",\"@id\":\"https:\/\/www.leplaza.events\/fr\/for-business\/\",\"url\":\"https:\/\/www.leplaza.events\/fr\/for-business\/\",\"name\":\"Vos congr\u00e8s, conf\u00e9rences, forums &#8226; Le Plaza Brussels Events\",\"isPartOf\":{\"@id\":\"https:\/\/www.leplaza.events\/#website\"},\"primaryImageOfPage\":{\"@id\":\"https:\/\/www.leplaza.events\/fr\/for-business\/#primaryimage\"},\"image\":{\"@id\":\"https:\/\/www.leplaza.events\/fr\/for-business\/#primaryimage\"},\"thumbnailUrl\":\"https:\/\/www.leplaza.events\/wp-content\/uploads\/2018\/11\/002W7866-1.jpg\",\"datePublished\":\"2018-06-15T13:03:08+00:00\",\"dateModified\":\"2018-11-23T12:32:47+00:00\",\"breadcrumb\":{\"@id\":\"https:\/\/www.leplaza.events\/fr\/for-business\/#breadcrumb\"},\"inLanguage\":\"fr-FR\",\"potentialAction\":[{\"@type\":\"ReadAction\",\"target\":[\"https:\/\/www.leplaza.events\/fr\/for-business\/\"]}]},{\"@type\":\"ImageObject\",\"inLanguage\":\"fr-FR\",\"@id\":\"https:\/\/www.leplaza.events\/fr\/for-business\/#primaryimage\",\"url\":\"https:\/\/www.leplaza.events\/wp-content\/uploads\/2018\/11\/002W7866-1.jpg\",\"contentUrl\":\"https:\/\/www.leplaza.events\/wp-content\/uploads\/2018\/11\/002W7866-1.jpg\",\"width\":3624,\"height\":1637},{\"@type\":\"BreadcrumbList\",\"@id\":\"https:\/\/www.leplaza.events\/fr\/for-business\/#breadcrumb\",\"itemListElement\":[{\"@type\":\"ListItem\",\"position\":1,\"name\":\"Home\",\"item\":\"https:\/\/www.leplaza.events\/fr\/\"},{\"@type\":\"ListItem\",\"position\":2,\"name\":\"Vos congr\u00e8s, conf\u00e9rences, forums\"}]},{\"@type\":\"WebSite\",\"@id\":\"https:\/\/www.leplaza.events\/#website\",\"url\":\"https:\/\/www.leplaza.events\/\",\"name\":\"Le Plaza Brussels Events\",\"description\":\"\",\"potentialAction\":[{\"@type\":\"SearchAction\",\"target\":{\"@type\":\"EntryPoint\",\"urlTemplate\":\"https:\/\/www.leplaza.events\/?s={search_term_string}\"},\"query-input\":\"required name=search_term_string\"}],\"inLanguage\":\"fr-FR\"}]}<\/script>\n<!-- \/ Yoast SEO plugin. -->","yoast_head_json":{"title":"Vos congr\u00e8s, conf\u00e9rences, forums &#8226; Le Plaza Brussels Events","robots":{"index":"index","follow":"follow","max-snippet":"max-snippet:-1","max-image-preview":"max-image-preview:large","max-video-preview":"max-video-preview:-1"},"canonical":"https:\/\/www.leplaza.events\/fr\/for-business\/","og_locale":"fr_FR","og_type":"article","og_title":"Vos congr\u00e8s, conf\u00e9rences, forums &#8226; Le Plaza Brussels Events","og_description":"Vous organisez un congr\u00e8s, un colloque, un symposium, une convention \u00e0 Bruxelles ? L\u2019h\u00f4tel Le Plaza Brussels vous propose un r\u00e9el centre de congr\u00e8s, dans un cadre historique au c\u0153ur de la capitale de l\u2019Europe. Alliant \u00e9quipement de pointe et charme Belle-Epoque, notre th\u00e9\u00e2tre de 460 m\u00b2 vous permet d\u2019accueillir 700 personnes, dans un espace...","og_url":"https:\/\/www.leplaza.events\/fr\/for-business\/","og_site_name":"Le Plaza Brussels Events","article_modified_time":"2018-11-23T12:32:47+00:00","og_image":[{"width":3624,"height":1637,"url":"https:\/\/www.leplaza.events\/wp-content\/uploads\/2018\/11\/002W7866-1.jpg","type":"image\/jpeg"}],"twitter_card":"summary_large_image","twitter_misc":{"Est. reading time":"1 minute"},"schema":{"@context":"https:\/\/schema.org","@graph":[{"@type":"WebPage","@id":"https:\/\/www.leplaza.events\/fr\/for-business\/","url":"https:\/\/www.leplaza.events\/fr\/for-business\/","name":"Vos congr\u00e8s, conf\u00e9rences, forums &#8226; Le Plaza Brussels Events","isPartOf":{"@id":"https:\/\/www.leplaza.events\/#website"},"primaryImageOfPage":{"@id":"https:\/\/www.leplaza.events\/fr\/for-business\/#primaryimage"},"image":{"@id":"https:\/\/www.leplaza.events\/fr\/for-business\/#primaryimage"},"thumbnailUrl":"https:\/\/www.leplaza.events\/wp-content\/uploads\/2018\/11\/002W7866-1.jpg","datePublished":"2018-06-15T13:03:08+00:00","dateModified":"2018-11-23T12:32:47+00:00","breadcrumb":{"@id":"https:\/\/www.leplaza.events\/fr\/for-business\/#breadcrumb"},"inLanguage":"fr-FR","potentialAction":[{"@type":"ReadAction","target":["https:\/\/www.leplaza.events\/fr\/for-business\/"]}]},{"@type":"ImageObject","inLanguage":"fr-FR","@id":"https:\/\/www.leplaza.events\/fr\/for-business\/#primaryimage","url":"https:\/\/www.leplaza.events\/wp-content\/uploads\/2018\/11\/002W7866-1.jpg","contentUrl":"https:\/\/www.leplaza.events\/wp-content\/uploads\/2018\/11\/002W7866-1.jpg","width":3624,"height":1637},{"@type":"BreadcrumbList","@id":"https:\/\/www.leplaza.events\/fr\/for-business\/#breadcrumb","itemListElement":[{"@type":"ListItem","position":1,"name":"Home","item":"https:\/\/www.leplaza.events\/fr\/"},{"@type":"ListItem","position":2,"name":"Vos congr\u00e8s, conf\u00e9rences, forums"}]},{"@type":"WebSite","@id":"https:\/\/www.leplaza.events\/#website","url":"https:\/\/www.leplaza.events\/","name":"Le Plaza Brussels Events","description":"","potentialAction":[{"@type":"SearchAction","target":{"@type":"EntryPoint","urlTemplate":"https:\/\/www.leplaza.events\/?s={search_term_string}"},"query-input":"required name=search_term_string"}],"inLanguage":"fr-FR"}]}},"_links":{"self":[{"href":"https:\/\/www.leplaza.events\/fr\/wp-json\/wp\/v2\/pages\/102"}],"collection":[{"href":"https:\/\/www.leplaza.events\/fr\/wp-json\/wp\/v2\/pages"}],"about":[{"href":"https:\/\/www.leplaza.events\/fr\/wp-json\/wp\/v2\/types\/page"}],"author":[{"embeddable":true,"href":"https:\/\/www.leplaza.events\/fr\/wp-json\/wp\/v2\/users\/1"}],"replies":[{"embeddable":true,"href":"https:\/\/www.leplaza.events\/fr\/wp-json\/wp\/v2\/comments?post=102"}],"version-history":[{"count":30,"href":"https:\/\/www.leplaza.events\/fr\/wp-json\/wp\/v2\/pages\/102\/revisions"}],"predecessor-version":[{"id":1821,"href":"https:\/\/www.leplaza.events\/fr\/wp-json\/wp\/v2\/pages\/102\/revisions\/1821"}],"wp:featuredmedia":[{"embeddable":true,"href":"https:\/\/www.leplaza.events\/fr\/wp-json\/wp\/v2\/media\/1053"}],"wp:attachment":[{"href":"https:\/\/www.leplaza.events\/fr\/wp-json\/wp\/v2\/media?parent=102"}],"curies":[{"name":"wp","href":"https:\/\/api.w.org\/{rel}","templated":true}]}}