{"id":98,"date":"2018-06-15T13:02:55","date_gmt":"2018-06-15T13:02:55","guid":{"rendered":"http:\/\/ovaloffice01.cblue.be\/www.leplaza.events\/www\/?page_id=98"},"modified":"2025-08-21T08:28:40","modified_gmt":"2025-08-21T08:28:40","slug":"for-meetings","status":"publish","type":"page","link":"https:\/\/www.leplaza.events\/fr\/for-meetings\/","title":{"rendered":"Vos r\u00e9unions, conventions, s\u00e9minaires"},"content":{"rendered":"<p>S\u00e9minaire, formation, r\u00e9union d\u2019\u00e9quipe, conf\u00e9rence de presse \u00e0 Bruxelles ? L\u2019h\u00f4tel Le Plaza Brussels met \u00e0 votre disposition 10 salles modulables, capables d\u2019accueillir des groupes \u00e0 partir de 6 personnes.<\/p>\n<p><span data-olk-copy-source=\"MessageBody\">Mariant tradition et modernit\u00e9, tous nos espaces sont \u00e9quip\u00e9s d\u2019une connexion internet \u00e0 haut d\u00e9bit avec Wifi. Du mat\u00e9riel audiovisuel professionnel (projecteur, sonorisation, \u00e9cran\u2026) est disponible sur demande.<\/span><\/p>\n<h2>Une \u00e9quipe \u00e0 vos c\u00f4t\u00e9s<\/h2>\n<p>Choix de l\u2019espace, installation technique, d\u00e9coration, accueil des invit\u00e9s\u2026 Notre \u00e9quipe de professionnels vous aide \u00e0 organiser votre r\u00e9union de A \u00e0 Z. Olivier Bontemps, chef de notre restaurant l\u2019Esterel, vous propose la formule qui correspond le mieux au d\u00e9roulement de votre projet et aux attentes des participants.<\/p>\n<h2>Au c\u0153ur de Bruxelles<\/h2>\n<p>Pour accueillir vos r\u00e9unions, l\u2019h\u00f4tel le Plaza Brussels est id\u00e9alement situ\u00e9 au centre de Bruxelles. Facilement accessible en transports en commun, il dispose \u00e9galement d\u2019un parking ferm\u00e9 et s\u00e9curis\u00e9 de 45 places, situ\u00e9 dans l\u2019enceinte de l\u2019h\u00f4tel, et d\u2019un service de voiturier.<\/p>\n","protected":false},"excerpt":{"rendered":"S\u00e9minaire, formation, r\u00e9union d\u2019\u00e9quipe, conf\u00e9rence de presse \u00e0 Bruxelles ? L\u2019h\u00f4tel Le Plaza Brussels met \u00e0 votre disposition 10 salles modulables, capables d\u2019accueillir des groupes \u00e0 partir de 6 personnes. Mariant tradition et modernit\u00e9, tous nos espaces sont \u00e9quip\u00e9s d\u2019une connexion internet \u00e0 haut d\u00e9bit avec Wifi. Du mat\u00e9riel audiovisuel professionnel (projecteur, sonorisation, \u00e9cran\u2026) est&#8230;","protected":false},"author":1,"featured_media":766,"parent":0,"menu_order":0,"comment_status":"closed","ping_status":"closed","template":"tpl-categories.php","meta":{"_acf_changed":false,"_monsterinsights_skip_tracking":false,"_monsterinsights_sitenote_active":false,"_monsterinsights_sitenote_note":"","_monsterinsights_sitenote_category":0,"footnotes":""},"acf":[],"yoast_head":"<!-- This site is optimized with the Yoast SEO plugin v23.0 - https:\/\/yoast.com\/wordpress\/plugins\/seo\/ -->\n<title>Vos r\u00e9unions, conventions, s\u00e9minaires &#8226; Le Plaza Brussels Events<\/title>\n<meta name=\"robots\" content=\"index, follow, max-snippet:-1, max-image-preview:large, max-video-preview:-1\" \/>\n<link rel=\"canonical\" href=\"https:\/\/www.leplaza.events\/fr\/for-meetings\/\" \/>\n<meta property=\"og:locale\" content=\"fr_FR\" \/>\n<meta property=\"og:type\" content=\"article\" \/>\n<meta property=\"og:title\" content=\"Vos r\u00e9unions, conventions, s\u00e9minaires &#8226; Le Plaza Brussels Events\" \/>\n<meta property=\"og:description\" content=\"S\u00e9minaire, formation, r\u00e9union d\u2019\u00e9quipe, conf\u00e9rence de presse \u00e0 Bruxelles ? L\u2019h\u00f4tel Le Plaza Brussels met \u00e0 votre disposition 10 salles modulables, capables d\u2019accueillir des groupes \u00e0 partir de 6 personnes. Mariant tradition et modernit\u00e9, tous nos espaces sont \u00e9quip\u00e9s d\u2019une connexion internet \u00e0 haut d\u00e9bit avec Wifi. Du mat\u00e9riel audiovisuel professionnel (projecteur, sonorisation, \u00e9cran\u2026) est...\" \/>\n<meta property=\"og:url\" content=\"https:\/\/www.leplaza.events\/fr\/for-meetings\/\" \/>\n<meta property=\"og:site_name\" content=\"Le Plaza Brussels Events\" \/>\n<meta property=\"article:modified_time\" content=\"2025-08-21T08:28:40+00:00\" \/>\n<meta property=\"og:image\" content=\"https:\/\/www.leplaza.events\/wp-content\/uploads\/2018\/11\/Board-204-1024x683.jpg\" \/>\n\t<meta property=\"og:image:width\" content=\"1024\" \/>\n\t<meta property=\"og:image:height\" content=\"683\" \/>\n\t<meta property=\"og:image:type\" content=\"image\/jpeg\" \/>\n<meta name=\"twitter:card\" content=\"summary_large_image\" \/>\n<meta name=\"twitter:label1\" content=\"Est. reading time\" \/>\n\t<meta name=\"twitter:data1\" content=\"1 minute\" \/>\n<script type=\"application\/ld+json\" class=\"yoast-schema-graph\">{\"@context\":\"https:\/\/schema.org\",\"@graph\":[{\"@type\":\"WebPage\",\"@id\":\"https:\/\/www.leplaza.events\/fr\/for-meetings\/\",\"url\":\"https:\/\/www.leplaza.events\/fr\/for-meetings\/\",\"name\":\"Vos r\u00e9unions, conventions, s\u00e9minaires &#8226; Le Plaza Brussels Events\",\"isPartOf\":{\"@id\":\"https:\/\/www.leplaza.events\/#website\"},\"primaryImageOfPage\":{\"@id\":\"https:\/\/www.leplaza.events\/fr\/for-meetings\/#primaryimage\"},\"image\":{\"@id\":\"https:\/\/www.leplaza.events\/fr\/for-meetings\/#primaryimage\"},\"thumbnailUrl\":\"https:\/\/www.leplaza.events\/wp-content\/uploads\/2018\/11\/Board-204.jpg\",\"datePublished\":\"2018-06-15T13:02:55+00:00\",\"dateModified\":\"2025-08-21T08:28:40+00:00\",\"breadcrumb\":{\"@id\":\"https:\/\/www.leplaza.events\/fr\/for-meetings\/#breadcrumb\"},\"inLanguage\":\"fr-FR\",\"potentialAction\":[{\"@type\":\"ReadAction\",\"target\":[\"https:\/\/www.leplaza.events\/fr\/for-meetings\/\"]}]},{\"@type\":\"ImageObject\",\"inLanguage\":\"fr-FR\",\"@id\":\"https:\/\/www.leplaza.events\/fr\/for-meetings\/#primaryimage\",\"url\":\"https:\/\/www.leplaza.events\/wp-content\/uploads\/2018\/11\/Board-204.jpg\",\"contentUrl\":\"https:\/\/www.leplaza.events\/wp-content\/uploads\/2018\/11\/Board-204.jpg\",\"width\":4368,\"height\":2912},{\"@type\":\"BreadcrumbList\",\"@id\":\"https:\/\/www.leplaza.events\/fr\/for-meetings\/#breadcrumb\",\"itemListElement\":[{\"@type\":\"ListItem\",\"position\":1,\"name\":\"Home\",\"item\":\"https:\/\/www.leplaza.events\/fr\/\"},{\"@type\":\"ListItem\",\"position\":2,\"name\":\"Vos r\u00e9unions, conventions, s\u00e9minaires\"}]},{\"@type\":\"WebSite\",\"@id\":\"https:\/\/www.leplaza.events\/#website\",\"url\":\"https:\/\/www.leplaza.events\/\",\"name\":\"Le Plaza Brussels Events\",\"description\":\"\",\"potentialAction\":[{\"@type\":\"SearchAction\",\"target\":{\"@type\":\"EntryPoint\",\"urlTemplate\":\"https:\/\/www.leplaza.events\/?s={search_term_string}\"},\"query-input\":\"required name=search_term_string\"}],\"inLanguage\":\"fr-FR\"}]}<\/script>\n<!-- \/ Yoast SEO plugin. -->","yoast_head_json":{"title":"Vos r\u00e9unions, conventions, s\u00e9minaires &#8226; Le Plaza Brussels Events","robots":{"index":"index","follow":"follow","max-snippet":"max-snippet:-1","max-image-preview":"max-image-preview:large","max-video-preview":"max-video-preview:-1"},"canonical":"https:\/\/www.leplaza.events\/fr\/for-meetings\/","og_locale":"fr_FR","og_type":"article","og_title":"Vos r\u00e9unions, conventions, s\u00e9minaires &#8226; Le Plaza Brussels Events","og_description":"S\u00e9minaire, formation, r\u00e9union d\u2019\u00e9quipe, conf\u00e9rence de presse \u00e0 Bruxelles ? L\u2019h\u00f4tel Le Plaza Brussels met \u00e0 votre disposition 10 salles modulables, capables d\u2019accueillir des groupes \u00e0 partir de 6 personnes. Mariant tradition et modernit\u00e9, tous nos espaces sont \u00e9quip\u00e9s d\u2019une connexion internet \u00e0 haut d\u00e9bit avec Wifi. Du mat\u00e9riel audiovisuel professionnel (projecteur, sonorisation, \u00e9cran\u2026) est...","og_url":"https:\/\/www.leplaza.events\/fr\/for-meetings\/","og_site_name":"Le Plaza Brussels Events","article_modified_time":"2025-08-21T08:28:40+00:00","og_image":[{"width":1024,"height":683,"url":"https:\/\/www.leplaza.events\/wp-content\/uploads\/2018\/11\/Board-204-1024x683.jpg","type":"image\/jpeg"}],"twitter_card":"summary_large_image","twitter_misc":{"Est. reading time":"1 minute"},"schema":{"@context":"https:\/\/schema.org","@graph":[{"@type":"WebPage","@id":"https:\/\/www.leplaza.events\/fr\/for-meetings\/","url":"https:\/\/www.leplaza.events\/fr\/for-meetings\/","name":"Vos r\u00e9unions, conventions, s\u00e9minaires &#8226; Le Plaza Brussels Events","isPartOf":{"@id":"https:\/\/www.leplaza.events\/#website"},"primaryImageOfPage":{"@id":"https:\/\/www.leplaza.events\/fr\/for-meetings\/#primaryimage"},"image":{"@id":"https:\/\/www.leplaza.events\/fr\/for-meetings\/#primaryimage"},"thumbnailUrl":"https:\/\/www.leplaza.events\/wp-content\/uploads\/2018\/11\/Board-204.jpg","datePublished":"2018-06-15T13:02:55+00:00","dateModified":"2025-08-21T08:28:40+00:00","breadcrumb":{"@id":"https:\/\/www.leplaza.events\/fr\/for-meetings\/#breadcrumb"},"inLanguage":"fr-FR","potentialAction":[{"@type":"ReadAction","target":["https:\/\/www.leplaza.events\/fr\/for-meetings\/"]}]},{"@type":"ImageObject","inLanguage":"fr-FR","@id":"https:\/\/www.leplaza.events\/fr\/for-meetings\/#primaryimage","url":"https:\/\/www.leplaza.events\/wp-content\/uploads\/2018\/11\/Board-204.jpg","contentUrl":"https:\/\/www.leplaza.events\/wp-content\/uploads\/2018\/11\/Board-204.jpg","width":4368,"height":2912},{"@type":"BreadcrumbList","@id":"https:\/\/www.leplaza.events\/fr\/for-meetings\/#breadcrumb","itemListElement":[{"@type":"ListItem","position":1,"name":"Home","item":"https:\/\/www.leplaza.events\/fr\/"},{"@type":"ListItem","position":2,"name":"Vos r\u00e9unions, conventions, s\u00e9minaires"}]},{"@type":"WebSite","@id":"https:\/\/www.leplaza.events\/#website","url":"https:\/\/www.leplaza.events\/","name":"Le Plaza Brussels Events","description":"","potentialAction":[{"@type":"SearchAction","target":{"@type":"EntryPoint","urlTemplate":"https:\/\/www.leplaza.events\/?s={search_term_string}"},"query-input":"required name=search_term_string"}],"inLanguage":"fr-FR"}]}},"_links":{"self":[{"href":"https:\/\/www.leplaza.events\/fr\/wp-json\/wp\/v2\/pages\/98"}],"collection":[{"href":"https:\/\/www.leplaza.events\/fr\/wp-json\/wp\/v2\/pages"}],"about":[{"href":"https:\/\/www.leplaza.events\/fr\/wp-json\/wp\/v2\/types\/page"}],"author":[{"embeddable":true,"href":"https:\/\/www.leplaza.events\/fr\/wp-json\/wp\/v2\/users\/1"}],"replies":[{"embeddable":true,"href":"https:\/\/www.leplaza.events\/fr\/wp-json\/wp\/v2\/comments?post=98"}],"version-history":[{"count":13,"href":"https:\/\/www.leplaza.events\/fr\/wp-json\/wp\/v2\/pages\/98\/revisions"}],"predecessor-version":[{"id":3708,"href":"https:\/\/www.leplaza.events\/fr\/wp-json\/wp\/v2\/pages\/98\/revisions\/3708"}],"wp:featuredmedia":[{"embeddable":true,"href":"https:\/\/www.leplaza.events\/fr\/wp-json\/wp\/v2\/media\/766"}],"wp:attachment":[{"href":"https:\/\/www.leplaza.events\/fr\/wp-json\/wp\/v2\/media?parent=98"}],"curies":[{"name":"wp","href":"https:\/\/api.w.org\/{rel}","templated":true}]}}